{"id":37,"date":"2025-10-14T17:29:09","date_gmt":"2025-10-14T17:29:09","guid":{"rendered":"http:\/\/www.stillejetzt.ch\/?page_id=37"},"modified":"2025-11-05T15:04:51","modified_gmt":"2025-11-05T15:04:51","slug":"ueber-the-work","status":"publish","type":"page","link":"http:\/\/www.stillejetzt.ch\/?page_id=37","title":{"rendered":"\u00dcber The Work"},"content":{"rendered":"\n<div class=\"wp-block-cover alignfull is-light has-custom-content-position is-position-bottom-center\" style=\"margin-top:0;margin-bottom:0;padding-top:var(--wp--preset--spacing--50);padding-right:var(--wp--preset--spacing--50);padding-bottom:var(--wp--preset--spacing--50);padding-left:var(--wp--preset--spacing--50);min-height:574px;aspect-ratio:unset;\"><img loading=\"lazy\" decoding=\"async\" width=\"1024\" height=\"652\" class=\"wp-block-cover__image-background wp-image-148 size-large\" alt=\"\" src=\"http:\/\/www.stillejetzt.ch\/wp-content\/uploads\/2025\/10\/315A5469-1-1024x652.jpg\" data-object-fit=\"cover\" srcset=\"http:\/\/www.stillejetzt.ch\/wp-content\/uploads\/2025\/10\/315A5469-1-1024x652.jpg 1024w, http:\/\/www.stillejetzt.ch\/wp-content\/uploads\/2025\/10\/315A5469-1-300x191.jpg 300w, http:\/\/www.stillejetzt.ch\/wp-content\/uploads\/2025\/10\/315A5469-1-768x489.jpg 768w, http:\/\/www.stillejetzt.ch\/wp-content\/uploads\/2025\/10\/315A5469-1-1536x978.jpg 1536w, http:\/\/www.stillejetzt.ch\/wp-content\/uploads\/2025\/10\/315A5469-1-2048x1304.jpg 2048w\" sizes=\"auto, (max-width: 1024px) 100vw, 1024px\" \/><span aria-hidden=\"true\" class=\"wp-block-cover__background has-background-dim-10 has-background-dim\" style=\"background-color:#a5a4a8\"><\/span><div class=\"wp-block-cover__inner-container has-global-padding is-layout-constrained wp-container-core-cover-is-layout-d89aad35 wp-block-cover-is-layout-constrained\">\n<div class=\"wp-block-group alignwide has-global-padding is-content-justification-left is-layout-constrained wp-container-core-group-is-layout-12dd3699 wp-block-group-is-layout-constrained\">\n<h2 class=\"wp-block-heading has-text-align-left has-accent-5-color has-accent-6-background-color has-text-color has-background has-link-color has-xx-large-font-size wp-elements-22d8c0dcedc67826f4ce459ca35552f9\"><em>The Work <\/em>ist ein Weg zur Stille in Dir.<\/h2>\n<\/div>\n<\/div><\/div>\n\n\n\n<div class=\"wp-block-group alignfull has-global-padding is-content-justification-left is-layout-constrained wp-container-core-group-is-layout-2871531c wp-block-group-is-layout-constrained\" style=\"margin-top:0;margin-bottom:0\">\n<div class=\"wp-block-group alignfull is-nowrap is-layout-flex wp-container-core-group-is-layout-6c531013 wp-block-group-is-layout-flex\">\n<div style=\"height:100px;width:0px\" aria-hidden=\"true\" class=\"wp-block-spacer wp-container-content-6388d5dc\"><\/div>\n\n\n\n<div style=\"height:100px;width:186px\" aria-hidden=\"true\" class=\"wp-block-spacer wp-container-content-f9422e5e\"><\/div>\n\n\n\n<div class=\"wp-block-group alignwide is-layout-flow wp-container-core-group-is-layout-5c796f2d wp-block-group-is-layout-flow\" style=\"margin-top:0;margin-bottom:0;padding-top:var(--wp--preset--spacing--50);padding-bottom:var(--wp--preset--spacing--50)\">\n<h2 class=\"wp-block-heading has-x-large-font-size\">Was ist <em>the Work<\/em>?<\/h2>\n\n\n\n<div class=\"wp-block-group has-global-padding is-content-justification-left is-layout-constrained wp-container-core-group-is-layout-12dd3699 wp-block-group-is-layout-constrained\">\n<p>\u00abThe Work\u00bb geht von der Annahme aus, dass es nicht die Dinge im Aussen sind die uns leiden lassen, sondern das, was wir \u00fcber diese Dinge denken, \u00fcber diese Situationen die uns stresst. Und deswegen k\u00f6nnen wir Glaubenss\u00e4tze mit \u00abThe Work\u00bb aufl\u00f6sen, indem wir diese S\u00e4tze aufschreiben.<\/p>\n\n\n\n<div class=\"wp-block-group has-border-color has-background has-global-padding is-layout-constrained wp-block-group-is-layout-constrained\" style=\"border-color:#edf1f7;border-width:25px;background-color:#edf1f7;font-size:clamp(14px, 0.875rem + ((1vw - 3.2px) * 0.49), 19px);\">\n<p><strong>Zum Beispiel:<\/strong> \u00abMein Chef sollte mich mehr respektieren.\u00bb<br>Und ich stelle die vier Fragen:<\/p>\n\n\n\n<ol class=\"wp-block-list\">\n<li>Ist das wahr?<\/li>\n\n\n\n<li style=\"border-style:none;border-width:0px;border-radius:0px\">Kann ich mit absoluter Sicherheit wissen, dass das wahr ist?<\/li>\n\n\n\n<li>Wie reagiere ich, wenn ich diesen Gedanken glaube?<\/li>\n\n\n\n<li>Wer bin ich ohne diesen Gedanken?<\/li>\n<\/ol>\n\n\n\n<p>Und dann kehrst du als n\u00e4chstes den stressigen Gedanken um.<\/p>\n\n\n\n<ul class=\"wp-block-list\">\n<li>Einmal: Mein Chef sollte mich nicht respektieren.<\/li>\n\n\n\n<li>Zweites Mal: Ich sollte mich respektieren.<\/li>\n\n\n\n<li>Drittes Mal: Ich sollte meinen Chef respektieren.<\/li>\n<\/ul>\n\n\n\n<p>Finde jeweils 3 echte Beweise, warum das auch so wahr sein kann wie der Ursprungssatz.<\/p>\n<\/div>\n<\/div>\n\n\n\n<div style=\"height:9px\" aria-hidden=\"true\" class=\"wp-block-spacer\"><\/div>\n\n\n\n<div class=\"wp-block-group is-layout-flow wp-block-group-is-layout-flow\">\n<h2 class=\"wp-block-heading alignwide\">Unsere gemeinsame Sitzung<\/h2>\n\n\n\n<ul class=\"wp-block-list\">\n<li><strong>Dauer: <\/strong> Eine Work-Sitzung dauert ca. 1 bis 2 Stunden.<\/li>\n\n\n\n<li><strong>Kosten: <\/strong>Eine Sitzung kostet 120 CHF. Falls dies f\u00fcr Dich nicht m\u00f6glich <br>sein sollte, k\u00f6nnen wir dar\u00fcber sprechen, wie ich Dir entgegenkommen kann.<\/li>\n\n\n\n<li><strong>Ort:<\/strong> Unsere gemeinsame Sitzung kann bei mir zuhause in Niederscherli, <br>draussen in der Natur oder \u00fcber Zoom am Computer stattfinden.<\/li>\n<\/ul>\n<\/div>\n\n\n\n<div style=\"height:18px\" aria-hidden=\"true\" class=\"wp-block-spacer\"><\/div>\n\n\n\n<h2 class=\"wp-block-heading\">Weitere Informationen zu <em>The Work<\/em> kannst Du hier herunterladen:<\/h2>\n\n\n\n<ul class=\"wp-block-list\">\n<li><a href=\"https:\/\/www.dahin.ch\/_files\/ugd\/ec0fac_e6cccd80b1684323a938dcc24614ae36.pdf\" target=\"_blank\" rel=\"noreferrer noopener\">Das kleine B\u00fcchlein &#8211; eine kurze Information zu The Work<\/a><\/li>\n\n\n\n<li><a href=\"https:\/\/www.dahin.ch\/_files\/ugd\/ec0fac_d3c3c53ef1c94f79995d69ffaf06d72a.pdf\" target=\"_blank\" rel=\"noreferrer noopener\">Anleitung zu The Work &#8211; wie du durch The Work f\u00fchrst<\/a> <\/li>\n\n\n\n<li><a href=\"https:\/\/www.dahin.ch\/_files\/ugd\/ec0fac_cac2cff9c9114a71815f39a4e086d151.pdf\" target=\"_blank\" rel=\"noreferrer noopener\">Die vier Fragen mit Unterfragen<\/a> <\/li>\n\n\n\n<li><a href=\"https:\/\/www.dahin.ch\/_files\/ugd\/ec0fac_9e6e8cdeeee64c6fb7ae93e7bb4cb964.pdf\" target=\"_blank\" rel=\"noreferrer noopener\">Arbeitsblatt &#8222;Urteile \u00fcber deinen N\u00e4chsten&#8220; &#8211; Grundlage f\u00fcr eine Work<\/a> <\/li>\n\n\n\n<li><a href=\"https:\/\/www.dahin.ch\/_files\/ugd\/ec0fac_70e4bbdac76749c681f98e861ca1b5f0.pdf\" target=\"_blank\" rel=\"noreferrer noopener\">Arbeitsblatt &#8222;Untersuche eine \u00dcberzeugung&#8220; &#8211; Grundlage f\u00fcr eine Work<\/a><\/li>\n\n\n\n<li><a href=\"https:\/\/www.dahin.ch\/_files\/ugd\/ec0fac_3fcebd0ecd7f4c15a808f5bebdde5cc2.pdf\" target=\"_blank\" rel=\"noreferrer noopener\">&#8222;Liste der Gef\u00fchle&#8220; &#8211; eine Hilfe, Gef\u00fchle zu differenzieren<\/a><\/li>\n\n\n\n<li><a href=\"https:\/\/thework.com\/wp-content\/uploads\/2018\/02\/universalbeliefs_german_03Aug2011_A4.pdf\">Weit verbreitete \u00dcberzeugungen<\/a><\/li>\n\n\n\n<li><a href=\"https:\/\/thework.com\/wp-content\/uploads\/2019\/03\/4q_mini_de_6up_8may2019_r1-2.pdf\">Vorlage f\u00fcr die gelbe Karte<\/a><\/li>\n\n\n\n<li>Mehr Erkl\u00e4rungen und Downloads findest Du direkt auf der <a href=\"http:\/\/www.thework.com\">Homepage von The Work<\/a>.<\/li>\n<\/ul>\n<\/div>\n<\/div>\n<\/div>\n\n\n\n<div class=\"wp-block-group alignfull has-background has-global-padding is-layout-constrained wp-container-core-group-is-layout-4671bf13 wp-block-group-is-layout-constrained\" style=\"background-color:#edf1f7;margin-top:0;margin-bottom:0;padding-top:var(--wp--preset--spacing--40);padding-bottom:var(--wp--preset--spacing--40)\">\n<div class=\"wp-block-group alignwide is-layout-flow wp-block-group-is-layout-flow\">\n<p class=\"has-text-align-center is-style-text-display is-style-text-display--1\" style=\"font-size:clamp(16.834px, 1.052rem + ((1vw - 3.2px) * 0.899), 26px);font-style:normal;font-weight:400\">Du hast Interesse oder Fragen? Dann freue ich mich auf Deine Nachricht!<\/p>\n\n\n\n<div style=\"height:var(--wp--preset--spacing--40)\" aria-hidden=\"true\" class=\"wp-block-spacer\"><\/div>\n\n\n\n<ul class=\"wp-block-social-links has-icon-color is-style-logos-only is-content-justification-center is-layout-flex wp-container-core-social-links-is-layout-a89b3969 wp-block-social-links-is-layout-flex\"><li class=\"wp-social-link wp-social-link-mail has-contrast-color wp-block-social-link\"><a href=\"mailto:&#102;&#114;m&#117;&#101;hl&#101;&#115;t&#101;i&#110;&#064;&#098;&#108;&#117;e&#119;i&#110;&#046;ch\" class=\"wp-block-social-link-anchor\"><svg width=\"24\" height=\"24\" viewBox=\"0 0 24 24\" version=\"1.1\" xmlns=\"http:\/\/www.w3.org\/2000\/svg\" aria-hidden=\"true\" focusable=\"false\"><path d=\"M19,5H5c-1.1,0-2,.9-2,2v10c0,1.1.9,2,2,2h14c1.1,0,2-.9,2-2V7c0-1.1-.9-2-2-2zm.5,12c0,.3-.2.5-.5.5H5c-.3,0-.5-.2-.5-.5V9.8l7.5,5.6,7.5-5.6V17zm0-9.1L12,13.6,4.5,7.9V7c0-.3.2-.5.5-.5h14c.3,0,.5.2.5.5v.9z\"><\/path><\/svg><span class=\"wp-block-social-link-label screen-reader-text\">Mail<\/span><\/a><\/li><\/ul>\n<\/div>\n<\/div>\n\n\n\n<div class=\"wp-block-group alignwide is-layout-flow wp-block-group-is-layout-flow\"><\/div>\n","protected":false},"excerpt":{"rendered":"<p>Was ist the Work? \u00abThe Work\u00bb geht von der Annahme aus, dass es nicht die Dinge im Aussen sind die uns leiden lassen, sondern das, was wir \u00fcber diese Dinge denken, \u00fcber diese Situationen die uns stresst. Und deswegen k\u00f6nnen wir Glaubenss\u00e4tze mit \u00abThe Work\u00bb aufl\u00f6sen, indem wir diese S\u00e4tze aufschreiben. Zum Beispiel: \u00abMein Chef [&hellip;]<\/p>\n","protected":false},"author":1,"featured_media":0,"parent":0,"menu_order":0,"comment_status":"closed","ping_status":"closed","template":"","meta":{"footnotes":""},"class_list":["post-37","page","type-page","status-publish","hentry"],"yoast_head":"<!-- This site is optimized with the Yoast SEO plugin v27.4 - https:\/\/yoast.com\/product\/yoast-seo-wordpress\/ -->\n<title>\u00dcber The Work - Stille - jetzt.<\/title>\n<meta name=\"robots\" content=\"index, follow, max-snippet:-1, max-image-preview:large, max-video-preview:-1\" \/>\n<link rel=\"canonical\" href=\"http:\/\/www.stillejetzt.ch\/?page_id=37\" \/>\n<meta property=\"og:locale\" content=\"de_DE\" \/>\n<meta property=\"og:type\" content=\"article\" \/>\n<meta property=\"og:title\" content=\"\u00dcber The Work - Stille - jetzt.\" \/>\n<meta property=\"og:description\" content=\"Was ist the Work? \u00abThe Work\u00bb geht von der Annahme aus, dass es nicht die Dinge im Aussen sind die uns leiden lassen, sondern das, was wir \u00fcber diese Dinge denken, \u00fcber diese Situationen die uns stresst. Und deswegen k\u00f6nnen wir Glaubenss\u00e4tze mit \u00abThe Work\u00bb aufl\u00f6sen, indem wir diese S\u00e4tze aufschreiben. Zum Beispiel: \u00abMein Chef [&hellip;]\" \/>\n<meta property=\"og:url\" content=\"http:\/\/www.stillejetzt.ch\/?page_id=37\" \/>\n<meta property=\"og:site_name\" content=\"Stille - jetzt.\" \/>\n<meta property=\"article:modified_time\" content=\"2025-11-05T15:04:51+00:00\" \/>\n<meta property=\"og:image\" content=\"http:\/\/www.stillejetzt.ch\/wp-content\/uploads\/2025\/10\/315A5469-1-1024x652.jpg\" \/>\n<meta name=\"twitter:card\" content=\"summary_large_image\" \/>\n<meta name=\"twitter:label1\" content=\"Gesch\u00e4tzte Lesezeit\" \/>\n\t<meta name=\"twitter:data1\" content=\"2\u00a0Minuten\" \/>\n<script type=\"application\/ld+json\" class=\"yoast-schema-graph\">{\"@context\":\"https:\\\/\\\/schema.org\",\"@graph\":[{\"@type\":\"WebPage\",\"@id\":\"http:\\\/\\\/www.stillejetzt.ch\\\/?page_id=37\",\"url\":\"http:\\\/\\\/www.stillejetzt.ch\\\/?page_id=37\",\"name\":\"\u00dcber The Work - Stille - jetzt.\",\"isPartOf\":{\"@id\":\"https:\\\/\\\/www.stillejetzt.ch\\\/#website\"},\"primaryImageOfPage\":{\"@id\":\"http:\\\/\\\/www.stillejetzt.ch\\\/?page_id=37#primaryimage\"},\"image\":{\"@id\":\"http:\\\/\\\/www.stillejetzt.ch\\\/?page_id=37#primaryimage\"},\"thumbnailUrl\":\"http:\\\/\\\/www.stillejetzt.ch\\\/wp-content\\\/uploads\\\/2025\\\/10\\\/315A5469-1-1024x652.jpg\",\"datePublished\":\"2025-10-14T17:29:09+00:00\",\"dateModified\":\"2025-11-05T15:04:51+00:00\",\"breadcrumb\":{\"@id\":\"http:\\\/\\\/www.stillejetzt.ch\\\/?page_id=37#breadcrumb\"},\"inLanguage\":\"de\",\"potentialAction\":[{\"@type\":\"ReadAction\",\"target\":[\"http:\\\/\\\/www.stillejetzt.ch\\\/?page_id=37\"]}]},{\"@type\":\"ImageObject\",\"inLanguage\":\"de\",\"@id\":\"http:\\\/\\\/www.stillejetzt.ch\\\/?page_id=37#primaryimage\",\"url\":\"http:\\\/\\\/www.stillejetzt.ch\\\/wp-content\\\/uploads\\\/2025\\\/10\\\/315A5469-1-scaled.jpg\",\"contentUrl\":\"http:\\\/\\\/www.stillejetzt.ch\\\/wp-content\\\/uploads\\\/2025\\\/10\\\/315A5469-1-scaled.jpg\",\"width\":2560,\"height\":1630},{\"@type\":\"BreadcrumbList\",\"@id\":\"http:\\\/\\\/www.stillejetzt.ch\\\/?page_id=37#breadcrumb\",\"itemListElement\":[{\"@type\":\"ListItem\",\"position\":1,\"name\":\"Startseite\",\"item\":\"https:\\\/\\\/www.stillejetzt.ch\\\/\"},{\"@type\":\"ListItem\",\"position\":2,\"name\":\"\u00dcber The Work\"}]},{\"@type\":\"WebSite\",\"@id\":\"https:\\\/\\\/www.stillejetzt.ch\\\/#website\",\"url\":\"https:\\\/\\\/www.stillejetzt.ch\\\/\",\"name\":\"Stille - jetzt.\",\"description\":\"\",\"potentialAction\":[{\"@type\":\"SearchAction\",\"target\":{\"@type\":\"EntryPoint\",\"urlTemplate\":\"https:\\\/\\\/www.stillejetzt.ch\\\/?s={search_term_string}\"},\"query-input\":{\"@type\":\"PropertyValueSpecification\",\"valueRequired\":true,\"valueName\":\"search_term_string\"}}],\"inLanguage\":\"de\"}]}<\/script>\n<!-- \/ Yoast SEO plugin. -->","yoast_head_json":{"title":"\u00dcber The Work - Stille - jetzt.","robots":{"index":"index","follow":"follow","max-snippet":"max-snippet:-1","max-image-preview":"max-image-preview:large","max-video-preview":"max-video-preview:-1"},"canonical":"http:\/\/www.stillejetzt.ch\/?page_id=37","og_locale":"de_DE","og_type":"article","og_title":"\u00dcber The Work - Stille - jetzt.","og_description":"Was ist the Work? \u00abThe Work\u00bb geht von der Annahme aus, dass es nicht die Dinge im Aussen sind die uns leiden lassen, sondern das, was wir \u00fcber diese Dinge denken, \u00fcber diese Situationen die uns stresst. Und deswegen k\u00f6nnen wir Glaubenss\u00e4tze mit \u00abThe Work\u00bb aufl\u00f6sen, indem wir diese S\u00e4tze aufschreiben. Zum Beispiel: \u00abMein Chef [&hellip;]","og_url":"http:\/\/www.stillejetzt.ch\/?page_id=37","og_site_name":"Stille - jetzt.","article_modified_time":"2025-11-05T15:04:51+00:00","og_image":[{"url":"http:\/\/www.stillejetzt.ch\/wp-content\/uploads\/2025\/10\/315A5469-1-1024x652.jpg","type":"","width":"","height":""}],"twitter_card":"summary_large_image","twitter_misc":{"Gesch\u00e4tzte Lesezeit":"2\u00a0Minuten"},"schema":{"@context":"https:\/\/schema.org","@graph":[{"@type":"WebPage","@id":"http:\/\/www.stillejetzt.ch\/?page_id=37","url":"http:\/\/www.stillejetzt.ch\/?page_id=37","name":"\u00dcber The Work - Stille - jetzt.","isPartOf":{"@id":"https:\/\/www.stillejetzt.ch\/#website"},"primaryImageOfPage":{"@id":"http:\/\/www.stillejetzt.ch\/?page_id=37#primaryimage"},"image":{"@id":"http:\/\/www.stillejetzt.ch\/?page_id=37#primaryimage"},"thumbnailUrl":"http:\/\/www.stillejetzt.ch\/wp-content\/uploads\/2025\/10\/315A5469-1-1024x652.jpg","datePublished":"2025-10-14T17:29:09+00:00","dateModified":"2025-11-05T15:04:51+00:00","breadcrumb":{"@id":"http:\/\/www.stillejetzt.ch\/?page_id=37#breadcrumb"},"inLanguage":"de","potentialAction":[{"@type":"ReadAction","target":["http:\/\/www.stillejetzt.ch\/?page_id=37"]}]},{"@type":"ImageObject","inLanguage":"de","@id":"http:\/\/www.stillejetzt.ch\/?page_id=37#primaryimage","url":"http:\/\/www.stillejetzt.ch\/wp-content\/uploads\/2025\/10\/315A5469-1-scaled.jpg","contentUrl":"http:\/\/www.stillejetzt.ch\/wp-content\/uploads\/2025\/10\/315A5469-1-scaled.jpg","width":2560,"height":1630},{"@type":"BreadcrumbList","@id":"http:\/\/www.stillejetzt.ch\/?page_id=37#breadcrumb","itemListElement":[{"@type":"ListItem","position":1,"name":"Startseite","item":"https:\/\/www.stillejetzt.ch\/"},{"@type":"ListItem","position":2,"name":"\u00dcber The Work"}]},{"@type":"WebSite","@id":"https:\/\/www.stillejetzt.ch\/#website","url":"https:\/\/www.stillejetzt.ch\/","name":"Stille - jetzt.","description":"","potentialAction":[{"@type":"SearchAction","target":{"@type":"EntryPoint","urlTemplate":"https:\/\/www.stillejetzt.ch\/?s={search_term_string}"},"query-input":{"@type":"PropertyValueSpecification","valueRequired":true,"valueName":"search_term_string"}}],"inLanguage":"de"}]}},"_links":{"self":[{"href":"http:\/\/www.stillejetzt.ch\/index.php?rest_route=\/wp\/v2\/pages\/37","targetHints":{"allow":["GET"]}}],"collection":[{"href":"http:\/\/www.stillejetzt.ch\/index.php?rest_route=\/wp\/v2\/pages"}],"about":[{"href":"http:\/\/www.stillejetzt.ch\/index.php?rest_route=\/wp\/v2\/types\/page"}],"author":[{"embeddable":true,"href":"http:\/\/www.stillejetzt.ch\/index.php?rest_route=\/wp\/v2\/users\/1"}],"replies":[{"embeddable":true,"href":"http:\/\/www.stillejetzt.ch\/index.php?rest_route=%2Fwp%2Fv2%2Fcomments&post=37"}],"version-history":[{"count":25,"href":"http:\/\/www.stillejetzt.ch\/index.php?rest_route=\/wp\/v2\/pages\/37\/revisions"}],"predecessor-version":[{"id":235,"href":"http:\/\/www.stillejetzt.ch\/index.php?rest_route=\/wp\/v2\/pages\/37\/revisions\/235"}],"wp:attachment":[{"href":"http:\/\/www.stillejetzt.ch\/index.php?rest_route=%2Fwp%2Fv2%2Fmedia&parent=37"}],"curies":[{"name":"wp","href":"https:\/\/api.w.org\/{rel}","templated":true}]}}